{"id":661,"date":"2019-06-06T17:29:38","date_gmt":"2019-06-06T20:29:38","guid":{"rendered":"https:\/\/bio.ufpr.br\/biogemm\/?page_id=661"},"modified":"2019-08-22T05:51:11","modified_gmt":"2019-08-22T08:51:11","slug":"chirlei-glienke","status":"publish","type":"page","link":"https:\/\/bio.ufpr.br\/biogemm\/o-laboratorio\/chirlei-glienke\/","title":{"rendered":"Prof\u00aa Chirlei Glienke"},"content":{"rendered":"<table width=\"653\">\n<tbody>\n<tr>\n<td rowspan=\"3\" width=\"110\">\u00a0<img loading=\"lazy\" decoding=\"async\" class=\"alignnone size-full wp-image-604\" src=\"https:\/\/bio.ufpr.br\/biogemm\/wp-content\/uploads\/sites\/55\/2019\/06\/chirlei_glienke-199x300.jpg\" alt=\"chirlei_glienke\" width=\"199\" height=\"350\" \/><\/td>\n<\/tr>\n<tr>\n<td style=\"text-align: center\" width=\"354\">\n<p>&nbsp;<\/p>\n<p>Chirlei Glienke \u00e9 professora do <a href=\"https:\/\/bio.ufpr.br\/genetica\/\">Departamento de Gen\u00e9tica da UFPR<\/a> desde 1997. \u00c9 orientadora de teses e disserta\u00e7\u00f5es nos Programas de P\u00f3s-Gradua\u00e7\u00e3o em <a href=\"https:\/\/bio.ufpr.br\/ppggenetica\/\">Gen\u00e9tica<\/a> e <a href=\"http:\/\/www.prppg.ufpr.br\/ppgmpp\/\">Microbiologia, Parasitologia e Patologia<\/a> da UFPR.<\/p>\n<p style=\"text-align: left\">\u00a0 \u00a0 \u00a0 \u00a0 \u00a0 \u00a0 \u00a0 \u00a0 Atua principalmente nos seguintes t\u00f3picos:<\/p>\n<ul>\n<ul>\n<li style=\"text-align: left\">Filogenia e Taxonomia Molecular<\/li>\n<li style=\"text-align: left\">Identifica\u00e7\u00e3o e diagn\u00f3stico de microrganismos<\/li>\n<li style=\"text-align: left\">Doen\u00e7as f\u00fangicas em <em>Citrus<\/em><\/li>\n<li style=\"text-align: left\">Fungos endof\u00edticos<\/li>\n<li style=\"text-align: left\">Controle Biol\u00f3gico<\/li>\n<li style=\"text-align: left\">Epidemiologia molecular de <em>Phyllosticta citricarpa<\/em><\/li>\n<\/ul>\n<\/ul>\n<\/td>\n<\/tr>\n<\/tbody>\n<\/table>\n<p>&nbsp;<\/p>\n<p><strong>Forma\u00e7\u00e3o<\/strong><\/p>\n<ul>\n<ul>\n<ul>\n<li>Gradua\u00e7\u00e3o em Ci\u00eancias Biol\u00f3gicas &#8211; Universidade Federal do Mato Grosso do Sul (UFMS) (1991)<\/li>\n<li>Mestrado em Gen\u00e9tica &#8211; Universidade Federal do Paran\u00e1 (UFPR) (1995)<\/li>\n<li>Doutorado em Agronomia (Gen\u00e9tica e Melhoramento de Plantas) &#8211; Universidade de S\u00e3o Paulo (ESAQL\/USP)(1999)<\/li>\n<\/ul>\n<\/ul>\n<\/ul>\n<p>&nbsp;<\/p>\n<p><strong>P\u00f3s-doutorado<\/strong><\/p>\n<ul>\n<ul>\n<ul>\n<li>P\u00f3s-Doutorado no Westerdijk Fungal Biodiversity Institute em Utrecht, Holanda (2009)<\/li>\n<li>P\u00f3s-Doutorado na Martin-Luther-Universit\u00e4t Halle-Wittenberg em Halle, Alemanha (2014)<\/li>\n<\/ul>\n<\/ul>\n<\/ul>\n<p>&nbsp;<\/p>\n<p><strong>Produ\u00e7\u00e3o acad\u00eamica:<\/strong><\/p>\n<p><a href=\"http:\/\/lattes.cnpq.br\/6592581685493038\"><img loading=\"lazy\" decoding=\"async\" class=\"alignnone size-full wp-image-673\" src=\"https:\/\/bio.ufpr.br\/biogemm\/wp-content\/uploads\/sites\/55\/2019\/05\/lattes_mini.png\" alt=\"lattes_mini\" width=\"35\" height=\"34\" \/><\/a>\u00a0<a href=\"https:\/\/scholar.google.com\/citations?hl=en&amp;user=aOJA_bIAAAAJ\"><img loading=\"lazy\" decoding=\"async\" class=\"alignnone size-full wp-image-676\" src=\"https:\/\/bio.ufpr.br\/biogemm\/wp-content\/uploads\/sites\/55\/2019\/05\/google_mini.png\" alt=\"google_mini\" width=\"35\" height=\"33\" \/><\/a>\u00a0\u00a0<a href=\"https:\/\/www.researchgate.net\/profile\/Chirlei_Glienke\"><img loading=\"lazy\" decoding=\"async\" class=\"alignnone size-full wp-image-670\" src=\"https:\/\/bio.ufpr.br\/biogemm\/wp-content\/uploads\/sites\/55\/2019\/05\/rgate_mini.png\" alt=\"rgate_mini\" width=\"33\" height=\"33\" \/><\/a><\/p>\n<p>&nbsp;<\/p>\n","protected":false},"excerpt":{"rendered":"<p>\u00a0 &nbsp; Chirlei Glienke \u00e9 professora do Departamento de Gen\u00e9tica da UFPR desde 1997. \u00c9 orientadora de teses e disserta\u00e7\u00f5es nos Programas de P\u00f3s-Gradua\u00e7\u00e3o em Gen\u00e9tica e Microbiologia, Parasitologia e Patologia da UFPR. \u00a0 \u00a0 \u00a0 \u00a0 \u00a0 \u00a0 \u00a0 \u00a0 Atua principalmente nos seguintes t\u00f3picos: Filogenia e Taxonomia Molecular Identifica\u00e7\u00e3o e diagn\u00f3stico de microrganismos [&hellip;]<\/p>\n","protected":false},"author":2023,"featured_media":0,"parent":541,"menu_order":0,"comment_status":"closed","ping_status":"closed","template":"","meta":{"_acf_changed":false,"_monsterinsights_skip_tracking":false,"_monsterinsights_sitenote_active":false,"_monsterinsights_sitenote_note":"","_monsterinsights_sitenote_category":0,"footnotes":""},"class_list":["post-661","page","type-page","status-publish","hentry"],"acf":[],"_links":{"self":[{"href":"https:\/\/bio.ufpr.br\/biogemm\/wp-json\/wp\/v2\/pages\/661","targetHints":{"allow":["GET"]}}],"collection":[{"href":"https:\/\/bio.ufpr.br\/biogemm\/wp-json\/wp\/v2\/pages"}],"about":[{"href":"https:\/\/bio.ufpr.br\/biogemm\/wp-json\/wp\/v2\/types\/page"}],"author":[{"embeddable":true,"href":"https:\/\/bio.ufpr.br\/biogemm\/wp-json\/wp\/v2\/users\/2023"}],"replies":[{"embeddable":true,"href":"https:\/\/bio.ufpr.br\/biogemm\/wp-json\/wp\/v2\/comments?post=661"}],"version-history":[{"count":17,"href":"https:\/\/bio.ufpr.br\/biogemm\/wp-json\/wp\/v2\/pages\/661\/revisions"}],"predecessor-version":[{"id":947,"href":"https:\/\/bio.ufpr.br\/biogemm\/wp-json\/wp\/v2\/pages\/661\/revisions\/947"}],"up":[{"embeddable":true,"href":"https:\/\/bio.ufpr.br\/biogemm\/wp-json\/wp\/v2\/pages\/541"}],"wp:attachment":[{"href":"https:\/\/bio.ufpr.br\/biogemm\/wp-json\/wp\/v2\/media?parent=661"}],"curies":[{"name":"wp","href":"https:\/\/api.w.org\/{rel}","templated":true}]}}