{"id":272,"date":"2020-02-28T10:32:58","date_gmt":"2020-02-28T08:32:58","guid":{"rendered":"https:\/\/bio.ufpr.br\/biomedicina\/?page_id=272"},"modified":"2020-02-28T15:33:52","modified_gmt":"2020-02-28T13:33:52","slug":"intercambio-2","status":"publish","type":"page","link":"https:\/\/bio.ufpr.br\/biomedicina\/intercambio-2\/","title":{"rendered":"MOBILIDADE ACAD\u00caMICA"},"content":{"rendered":"<p>&nbsp;<\/p>\n<p style=\"text-align: center\"><strong>Ag\u00eancia UFPR Internacional\u00a0&#8211; AUI\/UFPR<\/strong><\/p>\n<p>&nbsp;<\/p>\n<p>Os alunos UFPR interessados em Programas de Interc\u00e2mbio devem se dirigir a <strong>Ag\u00eancia UFPR Internacional\u00a0&#8211; AUI\/UFPR<\/strong>. A Institui\u00e7\u00e3o conta com Programas de Mobilidade Acad\u00eamica dentro e fora do pa\u00eds. Al\u00e9m de programas oficiais do Governo, como o Ci\u00eancias Sem Fronteira.<\/p>\n<p>&nbsp;<\/p>\n<p><span id=\"yui_3_16_0_ym19_1_1466194220024_4252\">Hor\u00e1rio de funcionamento:\u00a0<strong id=\"yui_3_16_0_ym19_1_1466194220024_4253\">de segunda a sexta das<\/strong>\u00a007h30 \u00e0s 19h00<\/span><\/p>\n<p><strong>Dire\u00e7\u00e3o\u00a0<\/strong>(+55 41 3360-5465)<strong><br \/>\n<\/strong><\/p>\n<p>Diretor: Prof. Dr. Andr\u00e9 de Macedo Duarte<\/p>\n<p>Secretaria da Dire\u00e7\u00e3o: M\u00f4nica Fontes (aui@ufpr.br)<\/p>\n<p>Financeiro: Kamila Zanotto (internacional.ari@gmail.com)<\/p>\n<p><strong>Coordenadoria de Coopera\u00e7\u00e3o Internacional\u00a0<\/strong>(+55 41 3360-5465)<strong><br \/>\n<\/strong><\/p>\n<p>Coordenadora: Anna Gabriella Tempesta (anna.tempesta@ufpr.br)<\/p>\n<p>Acordos de Coopera\u00e7\u00e3o: Marja Lawana de Almeida Braga (marja@ufpr.br)<\/p>\n<p>Acordos de Coopera\u00e7\u00e3o e Cotutela: Klarissa Valero Saes (internacional@ufpr.br)<\/p>\n<p><strong>Coordenadoria de Mobilidade e Pol\u00edticas Lingu\u00edsticas\u00a0<\/strong>(+55 41 3360-5474)<strong><br \/>\n<\/strong><\/p>\n<p>Coordenador: Prof. Dr. Luiz Maximiliano Santin Gardenal (coord.mobilidade@ufpr.br)<\/p>\n<p>Mobilidade Internacional (incoming\/outgoing): Sandrigo Anaximandro Huffner De Gasperi (incoming.ufpr@gmail.com\/mobilidade@ufpr.br)<\/p>\n<p>Mobilidade Nacional, Professor Visitante e PEC-G:\u00a0 Rafael Pernica Martins (academico@ufpr.br)<\/p>\n<p>Programa AUGM e MARCA: Antonio Marcos Severino (augm@ufpr.br)<\/p>\n<p>Programa Erasmus+ e Comunica\u00e7\u00e3o: Elisa Carvalho (erasmus@ufpr.br)<\/p>\n<p>&nbsp;<\/p>\n<h4>Mobilidade Acad\u00eamica Internacional (OUT)<\/h4>\n<p>S\u00e3o lan\u00e7ados dois editais de sele\u00e7\u00e3o por ano (fevereiro e agosto). O processo seletivo \u00e9 coordenado pela AUI em parceria com as\u00a0<a href=\"http:\/\/internacional.ufpr.br\/comissoes-setoriais\/\" target=\"_blank\" rel=\"noopener\">Comiss\u00f5es Setoriais<\/a>, do qual podem participar os alunos UFPR regularmente matriculados nos cursos presenciais que atendam aos requisitos descritos nos editais.<\/p>\n<p>Caso tenha interesse em participar das chamadas do Programa de Mobilidade Acad\u00eamica Internacional e queira se informar melhor, consulte os editais anteriores: (\u00a0https:\/\/internacional.ufpr.br\/mobilidade-academica-internacional-out\/ )<\/p>\n<p>Obs: <strong>Os requisitos e regras das chamadas podem mudar de edital para edital sem aviso pr\u00e9vio, segundo interesses institucionais.<\/strong><\/p>\n<p><em>*Al\u00e9m dessas chamadas anuais, alguns cursos de Gradua\u00e7\u00e3o possuem acordos espec\u00edficos de coopera\u00e7\u00e3o acad\u00eamica que tamb\u00e9m oferecem op\u00e7\u00f5es de mobilidade. Para se informar sobre isso, entre em contato com a sua Coordena\u00e7\u00e3o de Curso ou com a Chefia do Departamento para saber se o seu curso participa desses acordos. Nestes casos espec\u00edficos, os crit\u00e9rios adotados nos editais podem variar de curso para curso.<\/em><\/p>\n<h4>Mobilidade Acad\u00eamica Nacional (OUT)<\/h4>\n<p>&nbsp;<\/p>\n<p>A Mobilidade Acad\u00eamica Nacional \u00e9 um programa de interc\u00e2mbio realizado entre a UFPR e as IES federais e paranaenses. O per\u00edodo do interc\u00e2mbio pode ser de 6 a 18 meses.<\/p>\n<p>Geralmente, s\u00e3o lan\u00e7ados dois editais de sele\u00e7\u00e3o por ano (fevereiro e agosto). O processo seletivo \u00e9 coordenado pela AUI, do qual podem participar os alunos UFPR regularmente matriculados nos cursos presenciais que atendam aos requisitos descritos nos editais.<\/p>\n<p>Caso tenha interesse em participar das chamadas do Programa de Mobilidade Acad\u00eamica Nacional e queira se informar melhor, consulte os editais anteriores: (\u00a0https:\/\/internacional.ufpr.br\/mobilidade-nacional-out\/ )<\/p>\n<p>Obs:\u00a0<strong>Os requisitos e regras das chamadas podem mudar de edital para edital sem aviso pr\u00e9vio, segundo interesses institucionais.<\/strong><\/p>\n<p>D\u00favidas, sugest\u00f5es e informa\u00e7\u00f5es :\u00a0<a href=\"mailto:academico@ufpr.br\">academico@ufpr.br<\/a>\u00a0\/ (41)3360.5474<\/p>\n<p>&nbsp;<\/p>\n<p>&nbsp;<\/p>\n<p>&nbsp;<\/p>\n<p style=\"text-align: center\"><strong>PROCEDIMENTOS IMPORTANTES<\/strong><\/p>\n<h4>Matr\u00edcula em PC<\/h4>\n<div>\n<p>Todo\u00a0o\u00a0aluno UFPR\u00a0que sai\u00a0em Mobilidade Acad\u00eamica,\u00a0independente do Programa,\u00a0deve\u00a0entregar\u00a0\u00e0 Ag\u00eancia UFPR Internacional,\u00a0<strong>antes de sair do pa\u00eds<\/strong>, o\u00a0formul\u00e1rio de solicita\u00e7\u00e3o de matr\u00edcula em \u00a0Mobilidade Acad\u00eamica (PC) devidamente\u00a0assinado e carimbado pelo\u00a0seu\u00a0Coordenador de Curso, juntamente com a carta de aceite da Universidade de Destino,\u00a0para garantir o v\u00ednculo com a UFPR durante o per\u00edodo dos seus estudos na universidade de destino.<\/p>\n<\/div>\n<div>\n<p>Conforme descrito no mencionado documento, durante a mobilidade, o aluno dever\u00e1 estar\u00a0matriculado\u00a0UNICAMENTE\u00a0na disciplina\u00a0PC; qualquer matr\u00edcula em disciplinas regulares\u00a0<strong>dever\u00e1 ser cancelada pelo aluno antes de sua sa\u00edda.<\/strong><\/p>\n<p><a href=\"http:\/\/internacional.ufpr.br\/wp-content\/uploads\/2018\/12\/2018_Formul%C3%A1rio-de-solicita%C3%A7%C3%A3o-de-matr%C3%ADcula-em-PC.pdf\" target=\"_blank\" rel=\"noopener\"><strong>Formul\u00e1rio PC (Alunos Mobilidade UFPR, AUGM, ANDIFES\/PARANAENSE, MARCA e outros)<\/strong><\/a><\/p>\n<p>*Para os alunos da Mobilidade Acad\u00eamica Internacional, ainda h\u00e1 o termo de compromisso de mobilidade a ser entregue juntamente com a PC:<\/p>\n<p><strong><a href=\"http:\/\/internacional.ufpr.br\/wp-content\/uploads\/2018\/12\/2018_Termo-de-compromisso-mobilidade-BOLSA-AUI.pdf\" target=\"_blank\" rel=\"noopener\">Termo de compromisso de mobilidade (bolsistas AUI)<\/a><\/strong><\/p>\n<p><a href=\"http:\/\/internacional.ufpr.br\/wp-content\/uploads\/2018\/12\/2018_Termo-de-compromisso-Geral.pdf\" target=\"_blank\" rel=\"noopener\"><strong>Termo de compromisso de mobilidade (n\u00e3o bolsistas)<\/strong><\/a><\/p>\n<p>A vers\u00e3o original do formul\u00e1rio PC e do termo de compromisso devem ser entregues \u00e0 ARI\u00a0<strong>antes da sa\u00edda do aluno.<\/strong><\/p>\n<p>E, finalmente, quando da chegada na Universidade de acolhimento:<\/p>\n<p><a href=\"http:\/\/internacional.ufpr.br\/wp-content\/uploads\/2018\/12\/2018_Declara%C3%A7%C3%A3o-de-chegada.pdf\" target=\"_blank\" rel=\"noopener\"><strong>Declara\u00e7\u00e3o de chegada<\/strong><\/a><\/p>\n<\/div>\n<p>&nbsp;<\/p>\n<h4>T\u00e9rmino de Interc\u00e2mbio<\/h4>\n<p>Ao sair em interc\u00e2mbio, o estudante \u00e9 matriculado na disciplina PC, disciplina que garante o v\u00ednculo do aluno com a UFPR durante seu per\u00edodo de mobilidade (<a href=\"http:\/\/internacional.ufpr.br\/matricula-em-pc\/\" target=\"_blank\" rel=\"noopener\">matr\u00edcula em PC<\/a>). De volta \u00e0 UFPR, ainda como parte do seu processo de mobilidade, o aluno deve proceder o encerramento da disciplina PC.<\/p>\n<p><strong>O aluno tem at\u00e9 o final do semestre seguinte do seu retorno para realizar o fechamento da PC, caso isso n\u00e3o seja feito no prazo, o aluno ser\u00e1 automaticamente REPROVADO na disciplina, sendo que status n\u00e3o poder\u00e1 ser modificado sob hip\u00f3tese alguma.<br \/>\n<\/strong><\/p>\n<p>Para realizar o \u201cfechamento da sua PC\u201d, o aluno deve:<\/p>\n<ul>\n<li>enviar o certificado\/hist\u00f3rico das notas obtidas na Universidade de acolhimento (durante interc\u00e2mbio);<\/li>\n<li>preencher o\u00a0<a href=\"http:\/\/internacional.ufpr.br\/wp-content\/uploads\/2019\/01\/2019_Relat%C3%B3rio-Interc%C3%A2mbio.pdf\" target=\"_blank\" rel=\"noopener\">Relat\u00f3rio Interc\u00e2mbio<\/a>\u00a0(<em>identifica\u00e7\u00e3o de pl\u00e1gio no relat\u00f3rio, implicar\u00e1 na reprova\u00e7\u00e3o autom\u00e1tica na disciplina PC dos envolvidos).<\/em><\/li>\n<\/ul>\n<p>Caso seja de interesse do aluno, este pode incluir fotos do interc\u00e2mbio a serem utilizadas, segundo crit\u00e9rios da AUI, para divulga\u00e7\u00e3o nas m\u00eddias sociais.<\/p>\n<p>Esta documenta\u00e7\u00e3o deve ser encaminhada (<strong>formato .pdf<\/strong>), segundo o programa de mobilidade, para:<\/p>\n<p><strong>Ci\u00eancia sem Fronteiras<\/strong>\u00a0(csf@ufpr.br);<\/p>\n<p><strong>Erasmus +<\/strong>\u00a0(erasmus@ufpr.br);<\/p>\n<p><strong>Mobilidade Acad\u00eamica INTERNACIONAL<\/strong>\u00a0(mobilidade@ufpr.br);<\/p>\n<p><strong>Mobilidade Acad\u00eamica NACIONAL<\/strong>\u00a0(academico@ufpr.br).<\/p>\n<p>&nbsp;<\/p>\n<p><strong>Est\u00e1gio no Exterior<\/strong><\/p>\n<p style=\"text-align: justify\">Para realizar est\u00e1gios em outros pa\u00edses \u00e9 necess\u00e1rio que o estudante adquira um seguro internacional contra acidentes pessoais pelo per\u00edodo em que permanecer\u00e1 no exterior, apresente um documento de aceite da concedente em que realizar\u00e1 o est\u00e1gio e um plano das atividades que realizar\u00e1 no local (preferencialmente em portugu\u00eas, espanhol ou ingl\u00eas). Ap\u00f3s aprova\u00e7\u00e3o da coordena\u00e7\u00e3o do curso\/COE, e confer\u00eancia da documenta\u00e7\u00e3o pela UE\/COAFE, o estudante ser\u00e1 encaminhado para a Ag\u00eancia UFPR Internacional (AUI) para os tr\u00e2mites de conv\u00eanio necess\u00e1rios.<\/p>\n<div>\u00a0Voc\u00ea dever\u00e1 enviar \u00e0 Coordena\u00e7\u00e3o<\/div>\n<div><\/div>\n<div>\u00a01. Um documento solicitando o est\u00e1gio;<\/div>\n<div><\/div>\n<div>\u00a02. Uma carta de aceite do local de est\u00e1gio;<\/div>\n<div><\/div>\n<div>\u00a03. Um plano de est\u00e1gio (descri\u00e7\u00e3o das atividades que voc\u00ea ir\u00e1 realizar e datas de realiza\u00e7\u00e3o) com assinatura do respons\u00e1vel pelo est\u00e1gio;<\/div>\n<div><\/div>\n<div>\u00a04.Documento que comprove que voc\u00ea tem seguro internacional de vida e de sa\u00fade;<\/div>\n<div><\/div>\n<div>\n<p>\u00a0* A Coordena\u00e7\u00e3o do Curso e a COE assinar\u00e1 autorizando o est\u00e1gio e indicar\u00e1 um professor orientador aqui da UFPR que manter\u00e1 contato com voc\u00ea para acompanhar as \u00a0atividades do est\u00e1gio.<\/p>\n<div><\/div>\n<p>*Importante: o est\u00e1gio ter\u00e1 dura\u00e7\u00e3o m\u00e1xima de 1 semestre e as datas do plano de atividades n\u00e3o podem ser retroativas.<\/p>\n<p>&nbsp;<\/p>\n<p><strong>RETORNO &#8211; EQUIVAL\u00caNCIA E APROVEITAMENTO DE DISCIPLINAS<\/strong><\/p>\n<p>&nbsp;<\/p>\n<p>Para as disciplinas cursadas no exterior que tenham correspond\u00eancia no curr\u00edculo do Curso o aluno poder\u00e1 solicitar <strong>Equival\u00eancias\u00a0<\/strong>e para as disciplinas cursadas no exterior que N\u00c3O tenham correspond\u00eancia no curr\u00edculo do Curso o aluno poder\u00e1 solicitar a Computa\u00e7\u00e3o em seu hist\u00f3rico escolar de<strong> Carga hor\u00e1ria Optativa<\/strong>.<\/p>\n<p>&nbsp;<\/p>\n<p>Para solicitar a abertura de Processo de <strong>Equival\u00eancia de Disciplina\u00a0<\/strong>ou<strong> Computa\u00e7\u00e3o \u00a0de Carga hor\u00e1ria Optativa<\/strong>\u00a0cursada no exterior o aluno dever\u00e1 procurar a Coordena\u00e7\u00e3o do Curso com os seguintes documentos\u00a0:<\/p>\n<p>&nbsp;<\/p>\n<p><span style=\"line-height: 1.5em\">I. Hist\u00f3rico \u00a0escolar \u00a0ou \u00a0certificado \u00a0originais, \u00a0da \u00a0\u00e9poca \u00a0de \u00a0conclus\u00e3o \u00a0da \u00a0disciplina,\u00a0<\/span>completo e atualizado, em que constem a denomina\u00e7\u00e3o da disciplina, sua carga hor\u00e1ria\u00a0total, \u00a0nota ou conceito e frequ\u00eancia obtidas, bem como os par\u00e2metros m\u00ednimos para\u00a0aprova\u00e7\u00e3o na Institui\u00e7\u00e3o de origem;<\/p>\n<p style=\"text-align: left\"><span style=\"line-height: 1.5em\">II. Programas \u00a0das \u00a0disciplinas \u00a0cursadas \u00a0na \u00a0institui\u00e7\u00e3o \u00a0de \u00a0origem \u00a0com \u00a0autentica\u00e7\u00e3o\u00a0(carimbo, visto ou autentica\u00e7\u00e3o eletr\u00f4nica, etc&#8230;), onde constem os planos de ensinos (ementa, carga hor\u00e1ria, objetivos, conte\u00fado program\u00e1tico ou desdobramento da \u00e1rea de\u00a0conhecimento \u00a0em \u00a0unidades, \u00a0procedimentos \u00a0did\u00e1ticos, \u00a0formas \u00a0de \u00a0 avalia\u00e7\u00e3o \u00a0e\u00a0bibliografia b\u00e1sica utilizada);<\/span><\/p>\n<p style=\"text-align: left\"><span style=\"line-height: 1.5em\">\u00a0<\/span><\/p>\n<p style=\"text-align: left\">Demais informa\u00e7\u00f5es :<\/p>\n<p style=\"text-align: left\">Site:\u00a0<a href=\"http:\/\/www.internacional.ufpr.br\/\" target=\"_blank\">http:\/\/www.internacional.ufpr.br\/<\/a><\/p>\n<\/div>\n<p><strong>\u00a0<\/strong><\/p>\n","protected":false},"excerpt":{"rendered":"<p>&nbsp; Ag\u00eancia UFPR Internacional\u00a0&#8211; AUI\/UFPR &nbsp; Os alunos UFPR interessados em Programas de Interc\u00e2mbio devem se dirigir a Ag\u00eancia UFPR Internacional\u00a0&#8211; AUI\/UFPR. A Institui\u00e7\u00e3o conta com Programas de Mobilidade Acad\u00eamica dentro e fora do pa\u00eds. Al\u00e9m de programas oficiais do Governo, como o Ci\u00eancias Sem Fronteira. &nbsp; Hor\u00e1rio de funcionamento:\u00a0de segunda a sexta das\u00a007h30 \u00e0s [&hellip;]<\/p>\n","protected":false},"author":8,"featured_media":0,"parent":0,"menu_order":0,"comment_status":"open","ping_status":"open","template":"","meta":{"_acf_changed":false,"_monsterinsights_skip_tracking":false,"_monsterinsights_sitenote_active":false,"_monsterinsights_sitenote_note":"","_monsterinsights_sitenote_category":0,"footnotes":""},"class_list":["post-272","page","type-page","status-publish","hentry"],"acf":[],"_links":{"self":[{"href":"https:\/\/bio.ufpr.br\/biomedicina\/wp-json\/wp\/v2\/pages\/272","targetHints":{"allow":["GET"]}}],"collection":[{"href":"https:\/\/bio.ufpr.br\/biomedicina\/wp-json\/wp\/v2\/pages"}],"about":[{"href":"https:\/\/bio.ufpr.br\/biomedicina\/wp-json\/wp\/v2\/types\/page"}],"author":[{"embeddable":true,"href":"https:\/\/bio.ufpr.br\/biomedicina\/wp-json\/wp\/v2\/users\/8"}],"replies":[{"embeddable":true,"href":"https:\/\/bio.ufpr.br\/biomedicina\/wp-json\/wp\/v2\/comments?post=272"}],"version-history":[{"count":20,"href":"https:\/\/bio.ufpr.br\/biomedicina\/wp-json\/wp\/v2\/pages\/272\/revisions"}],"predecessor-version":[{"id":1686,"href":"https:\/\/bio.ufpr.br\/biomedicina\/wp-json\/wp\/v2\/pages\/272\/revisions\/1686"}],"wp:attachment":[{"href":"https:\/\/bio.ufpr.br\/biomedicina\/wp-json\/wp\/v2\/media?parent=272"}],"curies":[{"name":"wp","href":"https:\/\/api.w.org\/{rel}","templated":true}]}}