{"id":254,"date":"2023-07-13T11:30:48","date_gmt":"2023-07-13T14:30:48","guid":{"rendered":"https:\/\/bio.ufpr.br\/bioterio\/?page_id=254"},"modified":"2025-10-10T10:26:03","modified_gmt":"2025-10-10T13:26:03","slug":"o-bioterio","status":"publish","type":"page","link":"https:\/\/bio.ufpr.br\/bioterio\/o-bioterio\/","title":{"rendered":"O Biot\u00e9rio"},"content":{"rendered":"<p><img loading=\"lazy\" decoding=\"async\" class=\" wp-image-396 aligncenter\" src=\"https:\/\/bio.ufpr.br\/bioterio\/wp-content\/uploads\/sites\/77\/2025\/05\/Logo-Bioterio-modelo-1-300x300.jpg\" alt=\"\" width=\"169\" height=\"169\" srcset=\"https:\/\/bio.ufpr.br\/bioterio\/wp-content\/uploads\/sites\/77\/2025\/05\/Logo-Bioterio-modelo-1-300x300.jpg 300w, https:\/\/bio.ufpr.br\/bioterio\/wp-content\/uploads\/sites\/77\/2025\/05\/Logo-Bioterio-modelo-1-1024x1024.jpg 1024w, https:\/\/bio.ufpr.br\/bioterio\/wp-content\/uploads\/sites\/77\/2025\/05\/Logo-Bioterio-modelo-1-150x150.jpg 150w, https:\/\/bio.ufpr.br\/bioterio\/wp-content\/uploads\/sites\/77\/2025\/05\/Logo-Bioterio-modelo-1-768x768.jpg 768w, https:\/\/bio.ufpr.br\/bioterio\/wp-content\/uploads\/sites\/77\/2025\/05\/Logo-Bioterio-modelo-1.jpg 1181w\" sizes=\"auto, (max-width: 169px) 100vw, 169px\" \/><\/p>\n<p style=\"text-align: justify\"><strong>APRESENTA\u00c7\u00c3O<\/strong><\/p>\n<p style=\"text-align: justify\">O Complexo Biot\u00e9rio da Universidade Federal do Paran\u00e1 \u00e9 um \u00d3rg\u00e3o\u00a0Auxiliar do Setor de Ci\u00eancias Biol\u00f3gicas, tendo por finalidade a cria\u00e7\u00e3o e fornecimento de animais com<em>\u00a0status<\/em>\u00a0sanit\u00e1rio convencional para ensino e pesquisa, manuten\u00e7\u00e3o e alojamento de animais em experimenta\u00e7\u00e3o, compra e distribui\u00e7\u00e3o de insumos (ra\u00e7\u00e3o e maravalha), assessoramento aos docentes e p\u00f3s-graduandos para compra, manejo, controle sanit\u00e1rio e manuten\u00e7\u00e3o de animais de laborat\u00f3rio.<\/p>\n<p style=\"text-align: justify\"><strong>MISS\u00c3O<\/strong><\/p>\n<p style=\"text-align: justify\">O Complexo Biot\u00e9rio da UFPR est\u00e1 localizado no Centro Polit\u00e9cnico, possui car\u00e1ter multiusu\u00e1rio e conta com duas \u00e1reas constru\u00eddas, sendo uma de 1.179,60 m\u00b2 (Biot\u00e9rio de Produ\u00e7\u00e3o &#8211; inaugurado em dezembro de 2016) e outra de 561,92 m\u00b2 (Biot\u00e9rio de Experimenta\u00e7\u00e3o &#8211; Biot\u00e9rio de Experimenta\u00e7\u00e3o, inaugurado em 1982). O Complexo Biot\u00e9rio apresenta credenciamento junto ao Conselho Nacional de Controle de Experimenta\u00e7\u00e3o Animal (CONCEA) com CIAEP N\u00ba 01.0540.2018 \u2013 19\/10\/2018 e \u00e9 um dos dois \u00fanicos Biot\u00e9rios do Estado do Paran\u00e1 associados \u00e0 Rede Nacional de Biot\u00e9rios de Produ\u00e7\u00e3o de Animais para Fins Cient\u00edficos, Did\u00e1ticos e Tecnol\u00f3gicos (REBIOT\u00c9RIO\/CNPq). O Complexo possui regimento pr\u00f3prio e um Comit\u00ea Gestor, composto por um coordenador e um vice-coordenador, ambos docentes, um coordenador t\u00e9cnico e representantes dos docentes, t\u00e9cnicos e discentes da UFPR.<\/p>\n<p style=\"text-align: justify\">Sua principal atribui\u00e7\u00e3o \u00e9 o fornecimento de animais (roedores) para atividades de ensino e pesquisa da UFPR, seguindo os padr\u00f5es de \u00e9tica no manejo e bem-estar animal estabelecidos pela Lei Arouca 11.794\/2008 e pelas diretrizes de integridade e de boas pr\u00e1ticas para produ\u00e7\u00e3o de animais (Resolu\u00e7\u00e3o Normativa n\u00ba 32, de 06.09.2016 publicada pelo CONCEA). Atualmente s\u00e3o criados no Complexo Biot\u00e9rio animais das esp\u00e9cies: <em>Rattus norvegicus<\/em> e <em>Mus musculus<\/em>, roedores da fam\u00edlia Muridae, utilizados como modelo animal em diversas pesquisas cient\u00edficas, contando com duas linhagens heterog\u00eanicas (ratos Wistar e camundongos Swiss) e duas linhagens isog\u00eanicas (camundongos BALB\/c e C57BL\/6).<\/p>\n<p style=\"text-align: justify\">A produ\u00e7\u00e3o \u00e9 realizada sob demanda, com previs\u00e3o m\u00ednima de tr\u00eas meses de anteced\u00eancia. Esses animais s\u00e3o requisitados por diversos pesquisadores da UPR: dos setores de ci\u00eancias Biol\u00f3gicas (11 Departamentos), Sa\u00fade (5 Departamentos) e Humanas (Psicologia), Agr\u00e1rias (Medicina Veterin\u00e1ria) e Exatas (F\u00edsica e Qu\u00edmica), al\u00e9m do Campus de Palotina (Medicina Veterin\u00e1ria) e Complexo Hospital de Cl\u00ednicas (Departamento de Cirurgia), com a possibilidade de atender a outras institui\u00e7\u00f5es de ensino superior do do Paran\u00e1 (p\u00fablicas e privadas). Todos os docentes coordenadores de projetos aprovados pelo Comit\u00ea de \u00c9tica em Experimenta\u00e7\u00e3o Animal (CEUA-BIO\/UFPR), independente do Setor, compartilham da mesma cota mensal para distribui\u00e7\u00e3o de animais (https:\/\/bio.ufpr.br\/ceua\/).<\/p>\n<p style=\"text-align: justify\"><strong>\u00a0<\/strong><\/p>\n<p style=\"text-align: justify\"><strong>ESP\u00c9CIES &amp; LINHAGENS PRODUZIDAS<\/strong><\/p>\n<ul>\n<li>Ratos (<em>Rattus norvegicus<\/em>) \u2013 Linhagem Wistar.<\/li>\n<\/ul>\n<ul>\n<li>Camundongos (<em>Mus musculus<\/em>):\n<ul>\n<li>Linhagem Swiss;<\/li>\n<li>Linhagem C57bl\/6;<\/li>\n<li>Linhagem Balb\/c.<\/li>\n<\/ul>\n<\/li>\n<\/ul>\n<p><strong>\u00a0<\/strong><\/p>\n<p><strong>HOR\u00c1RIO DE FUNCIONAMENTO &amp; ATENDIMENTO AO P\u00daBLICO<\/strong><\/p>\n<p>Segunda \u00e0 sexta-feira das 07h00 \u00e0s 12h00 e das 13h00 \u00e0s 16h00.<\/p>\n<p><strong>CONTATO<\/strong><\/p>\n<p>Telefone: (41) 3361-1687<br \/>\nE-mail:\u00a0<a href=\"mailto:biot\u00e9rio@ufpr.br\">bioterio@ufpr.br<\/a><\/p>\n<p>Instagram:\u00a0<a href=\"https:\/\/www.instagram.com\/bioterio_ufpr\/\">https:\/\/www.instagram.com\/bioterio_ufpr\/<\/a><\/p>\n<p>&nbsp;<\/p>\n<p><strong>ANEXOS<\/strong><\/p>\n<p><a href=\"https:\/\/bio.ufpr.br\/bioterio\/wp-content\/uploads\/sites\/77\/2022\/03\/2022.09.06-Normas-para-usu%C3%A1rios.pdf\" target=\"_blank\" rel=\"noopener\">Normas de utiliza\u00e7\u00e3o do Biot\u00e9rio<\/a><\/p>\n<p><a href=\"https:\/\/forms.office.com\/r\/VYTnZ4Yfnc\" target=\"_blank\" rel=\"noopener\">Requisi\u00e7\u00e3o de animais<\/a><\/p>\n<p><a href=\"https:\/\/docs.google.com\/spreadsheets\/d\/1Mt5bvzvQjhh8SyVNyHH4r_mIE8oaULYXx8Hn0NyjWUg\/edit?usp=sharing\" target=\"_blank\" rel=\"noopener\">Etiqueta de identifica\u00e7\u00e3o de animais<\/a><\/p>\n","protected":false},"excerpt":{"rendered":"<p>APRESENTA\u00c7\u00c3O O Complexo Biot\u00e9rio da Universidade Federal do Paran\u00e1 \u00e9 um \u00d3rg\u00e3o\u00a0Auxiliar do Setor de Ci\u00eancias Biol\u00f3gicas, tendo por finalidade a cria\u00e7\u00e3o e fornecimento de animais com\u00a0status\u00a0sanit\u00e1rio convencional para ensino e pesquisa, manuten\u00e7\u00e3o e alojamento de animais em experimenta\u00e7\u00e3o, compra e distribui\u00e7\u00e3o de insumos (ra\u00e7\u00e3o e maravalha), assessoramento aos docentes e p\u00f3s-graduandos para compra, manejo, [&hellip;]<\/p>\n","protected":false},"author":6,"featured_media":0,"parent":0,"menu_order":0,"comment_status":"closed","ping_status":"closed","template":"","meta":{"_acf_changed":false,"_monsterinsights_skip_tracking":false,"_monsterinsights_sitenote_active":false,"_monsterinsights_sitenote_note":"","_monsterinsights_sitenote_category":0,"footnotes":""},"class_list":["post-254","page","type-page","status-publish","hentry"],"acf":[],"_links":{"self":[{"href":"https:\/\/bio.ufpr.br\/bioterio\/wp-json\/wp\/v2\/pages\/254","targetHints":{"allow":["GET"]}}],"collection":[{"href":"https:\/\/bio.ufpr.br\/bioterio\/wp-json\/wp\/v2\/pages"}],"about":[{"href":"https:\/\/bio.ufpr.br\/bioterio\/wp-json\/wp\/v2\/types\/page"}],"author":[{"embeddable":true,"href":"https:\/\/bio.ufpr.br\/bioterio\/wp-json\/wp\/v2\/users\/6"}],"replies":[{"embeddable":true,"href":"https:\/\/bio.ufpr.br\/bioterio\/wp-json\/wp\/v2\/comments?post=254"}],"version-history":[{"count":21,"href":"https:\/\/bio.ufpr.br\/bioterio\/wp-json\/wp\/v2\/pages\/254\/revisions"}],"predecessor-version":[{"id":419,"href":"https:\/\/bio.ufpr.br\/bioterio\/wp-json\/wp\/v2\/pages\/254\/revisions\/419"}],"wp:attachment":[{"href":"https:\/\/bio.ufpr.br\/bioterio\/wp-json\/wp\/v2\/media?parent=254"}],"curies":[{"name":"wp","href":"https:\/\/api.w.org\/{rel}","templated":true}]}}