{"id":1029,"date":"2016-12-01T13:30:29","date_gmt":"2016-12-01T13:30:29","guid":{"rendered":"https:\/\/bio.ufpr.br\/botanica\/?page_id=1029"},"modified":"2025-08-18T14:58:12","modified_gmt":"2025-08-18T14:58:12","slug":"docentes","status":"publish","type":"page","link":"https:\/\/bio.ufpr.br\/botanica\/docentes\/","title":{"rendered":"Docentes"},"content":{"rendered":"<table width=\"532\">\n<tbody>\n<tr>\n<td width=\"288\"><strong>NOME<\/strong><\/td>\n<td width=\"114\"><strong>EMAIL<\/strong><\/td>\n<td width=\"66\"><strong>RAMAL<\/strong><\/td>\n<td width=\"64\"><strong>SALA<\/strong><\/td>\n<td style=\"text-align: center\" width=\"64\"><strong>P\u00e1gina Pessoal<\/strong><\/td>\n<td style=\"text-align: center\" width=\"64\"><strong>Curr\u00edculo Lattes<\/strong><\/td>\n<\/tr>\n<tr>\n<td style=\"font-weight: 400\">Andr\u00e9 Andrian Padial<\/td>\n<td>\u00a0aapadial@ufpr.br<\/td>\n<td>1790<\/td>\n<td style=\"font-weight: 400\">456<\/td>\n<td style=\"font-weight: 400;text-align: center\"><a href=\"https:\/\/lasbufprbio.wixsite.com\/home\">site<\/a><\/td>\n<td style=\"font-weight: 400;text-align: center\"><a href=\"http:\/\/lattes.cnpq.br\/6957024195477387\">cv lattes<\/a><\/td>\n<\/tr>\n<tr>\n<td style=\"font-weight: 400\">Bruno Francisco Sant&#8217;Anna dos Santos<\/td>\n<td>\u00a0brunofrancisco@ufpr.br<\/td>\n<td>1622<\/td>\n<td style=\"font-weight: 400\">453<\/td>\n<td style=\"font-weight: 400\"><\/td>\n<td style=\"font-weight: 400\"><\/td>\n<\/tr>\n<tr>\n<td style=\"font-weight: 400\">Cleusa Bona<\/td>\n<td>\u00a0bonacleusa@gmail.com<\/td>\n<td>1626<\/td>\n<td style=\"font-weight: 400\">444<\/td>\n<td style=\"font-weight: 400\"><\/td>\n<td style=\"font-weight: 400\">\u00a0<a href=\"http:\/\/lattes.cnpq.br\/6178219410393639\">cv lattes<\/a><\/td>\n<\/tr>\n<tr>\n<td style=\"font-weight: 400\">Daniel Fernandes da Silva<\/td>\n<td>daniel_eafi@yahoo.com.br<\/td>\n<td><\/td>\n<td style=\"font-weight: 400\">453A<\/td>\n<td style=\"font-weight: 400\"><\/td>\n<td style=\"font-weight: 400\"><a href=\"http:\/\/lattes.cnpq.br\/6562731599312560\">cv lattes<\/a><\/td>\n<\/tr>\n<tr>\n<td style=\"font-weight: 400\">Elizabeth de Ara\u00fajo Schwarz<\/td>\n<td>\u00a0schwbet@ufpr.br<\/td>\n<td>1509<\/td>\n<td style=\"font-weight: 400\">450A<\/td>\n<td style=\"font-weight: 400\"><\/td>\n<td style=\"font-weight: 400\">\u00a0<a href=\"http:\/\/lattes.cnpq.br\/4333316060869581\">cv lattes<\/a><\/td>\n<\/tr>\n<tr>\n<td style=\"font-weight: 400\">Eric de Camargo Smidt<\/td>\n<td>\u00a0ecsmidt@ufpr.br<\/td>\n<td>1620<\/td>\n<td style=\"font-weight: 400\">446<\/td>\n<td style=\"font-weight: 400\"><\/td>\n<td style=\"font-weight: 400\">\u00a0<a href=\"http:\/\/buscatextual.cnpq.br\/buscatextual\/visualizacv.do?id=K4706073H2\">cv lattes<\/a><\/td>\n<\/tr>\n<tr>\n<td style=\"font-weight: 400\">\u00c9rika Amano<\/td>\n<td>\u00a0erika.amano@ufpr.br<\/td>\n<td>1633<\/td>\n<td style=\"font-weight: 400\">451<\/td>\n<td style=\"font-weight: 400\"><\/td>\n<td style=\"font-weight: 400\">\u00a0<a href=\"http:\/\/lattes.cnpq.br\/0954813909133562\">cv lattes<\/a><\/td>\n<\/tr>\n<tr>\n<td style=\"font-weight: 400\">Gedir de Oliveira Santos<\/td>\n<td>\u00a0gedir@ufpr.br<\/td>\n<td>1621<\/td>\n<td style=\"font-weight: 400\">449<\/td>\n<td style=\"font-weight: 400\"><\/td>\n<td style=\"font-weight: 400\"><\/td>\n<\/tr>\n<tr>\n<td style=\"font-weight: 400\">Gisele Carolina Marquardt<\/td>\n<td>giselemarquardt@ufpr.br<\/td>\n<td>\u00a0 \u00a0 \u00a0 &#8211;<\/td>\n<td style=\"font-weight: 400\">438<\/td>\n<td style=\"font-weight: 400\"><\/td>\n<td style=\"font-weight: 400\"><\/td>\n<\/tr>\n<tr>\n<td style=\"font-weight: 400\">Hugo Pacheco de Freitas Fraga<\/td>\n<td>\u00a0hugofraga@ufpr.br<\/td>\n<td>1790<\/td>\n<td style=\"font-weight: 400\">455<\/td>\n<td style=\"font-weight: 400\"><a href=\"https:\/\/bio.ufpr.br\/lmv\">\u00a0site<\/a><\/td>\n<td style=\"font-weight: 400\">\u00a0<a href=\"http:\/\/lattes.cnpq.br\/0997968594084455\">cv lattes<\/a><\/td>\n<\/tr>\n<tr>\n<td style=\"font-weight: 400\">Isabela Galarda Varassin<\/td>\n<td>\u00a0isagalarda@gmail.com<\/td>\n<td>1621<\/td>\n<td style=\"font-weight: 400\">448<\/td>\n<td style=\"font-weight: 400\">\u00a0<a href=\"https:\/\/laboratoriodeinteracoes.wordpress.com\/\">site<\/a><\/td>\n<td style=\"font-weight: 400\">\u00a0<a href=\"http:\/\/lattes.cnpq.br\/8459317672424729\">cv lattes<\/a><\/td>\n<\/tr>\n<tr>\n<td style=\"font-weight: 400\">Katia Christina Zuffellato Ribas<\/td>\n<td>\u00a0<span id=\"OBJ_PREFIX_DWT71_com_zimbra_email\" class=\"Object\"><span id=\"OBJ_PREFIX_DWT87_com_zimbra_email\" class=\"Object\">kazu@ufpr.br<\/span><\/span><\/td>\n<td>1758<\/td>\n<td style=\"font-weight: 400\">434<\/td>\n<td style=\"font-weight: 400\">\u00a0<a href=\"http:\/\/www.gepe.ufpr.br\">site<\/a><\/td>\n<td style=\"font-weight: 400\">\u00a0<a href=\"http:\/\/lattes.cnpq.br\/1298025007119630\">cv lattes<\/a><\/td>\n<\/tr>\n<tr>\n<td style=\"font-weight: 400\">Leila do Nascimento Vieira<\/td>\n<td>\u00a0\u00a0<span id=\"OBJ_PREFIX_DWT960_com_zimbra_email\" class=\"Object\"><span id=\"OBJ_PREFIX_DWT968_com_zimbra_email\" class=\"Object\">leilanvieira@gmail.com<\/span><\/span><\/td>\n<td><\/td>\n<td style=\"font-weight: 400\">432<\/td>\n<td style=\"font-weight: 400\"><\/td>\n<td style=\"font-weight: 400\">\u00a0<a href=\"http:\/\/lattes.cnpq.br\/1389527254081650\">cv lattes<\/a><\/td>\n<\/tr>\n<tr>\n<td style=\"font-weight: 400\">Luciana Lopes Fortes Ribas<\/td>\n<td>\u00a0llfribas@ufpr.br<\/td>\n<td>1626<\/td>\n<td style=\"font-weight: 400\">445<\/td>\n<td style=\"font-weight: 400\"><\/td>\n<td style=\"font-weight: 400\">\u00a0<a href=\"http:\/\/lattes.cnpq.br\/9283357374616431\">cv lattes<\/a><\/td>\n<\/tr>\n<tr>\n<td style=\"font-weight: 400\">Luciano Fel\u00edcio Fernandes<\/td>\n<td>\u00a0luc.felicio@gmail.com<\/td>\n<td>1758<\/td>\n<td style=\"font-weight: 400\">435<\/td>\n<td style=\"font-weight: 400\"><\/td>\n<td style=\"font-weight: 400\">\u00a0<a href=\"http:\/\/lattes.cnpq.br\/2740502566371617\">cv lattes<\/a><\/td>\n<\/tr>\n<tr>\n<td style=\"font-weight: 400\">Marcelo Pedrosa Gomes<\/td>\n<td>\u00a0marcelo.gomes@ufpr.br<\/td>\n<td>1586<\/td>\n<td style=\"font-weight: 400\">433<\/td>\n<td style=\"font-weight: 400\">\u00a0<a href=\"https:\/\/www.lfpeufpr.com\/\">site<\/a><\/td>\n<td style=\"font-weight: 400\"><a href=\"http:\/\/lattes.cnpq.br\/1427024894427675\">\u00a0cv lattes<\/a><\/td>\n<\/tr>\n<tr>\n<td style=\"font-weight: 400\">M\u00e1rcia C. Mendes Marques<\/td>\n<td>\u00a0marciaguanandi@gmail.com<\/td>\n<td>1686<\/td>\n<td style=\"font-weight: 400\">534<\/td>\n<td style=\"font-weight: 400\"><a href=\"https:\/\/ecologialev.wixsite.com\/levufpr\">site<\/a><\/td>\n<td style=\"font-weight: 400\">\u00a0<a href=\"http:\/\/lattes.cnpq.br\/1184304862861181\">cv lattes<\/a><\/td>\n<\/tr>\n<tr>\n<td style=\"font-weight: 400\">Marcos Bergmann Carlucci<\/td>\n<td>carlucci@ufpr.br<\/td>\n<td>\u00a01505<\/td>\n<td style=\"font-weight: 400\">420<\/td>\n<td style=\"font-weight: 400\">\u00a0<a href=\"https:\/\/bio.ufpr.br\/labef\/\">Site<\/a><\/td>\n<td style=\"font-weight: 400\">\u00a0<a href=\"http:\/\/lattes.cnpq.br\/1141743724585455\">cv lattes<\/a><\/td>\n<\/tr>\n<tr>\n<td style=\"font-weight: 400\">Mateus Arduvino Reck<\/td>\n<td>mateus.reck@ufpr.br<\/td>\n<td>\u00a0 \u00a0 \u00a0 \u00a0&#8211;<\/td>\n<td style=\"font-weight: 400\">428<\/td>\n<td style=\"font-weight: 400\"><\/td>\n<td style=\"font-weight: 400\"><\/td>\n<\/tr>\n<tr>\n<td style=\"font-weight: 400\">Patr\u00edcia Soffiatti<\/td>\n<td>\u00a0psoffiatti.ufpr@gmail.com<\/td>\n<td>1631<\/td>\n<td style=\"font-weight: 400\">454<\/td>\n<td style=\"font-weight: 400\"><\/td>\n<td style=\"font-weight: 400\"><\/td>\n<\/tr>\n<tr>\n<td style=\"font-weight: 400\">Paulo H. Labiak Evangelista<\/td>\n<td>\u00a0plabiak@ufpr.br<\/td>\n<td>1504<\/td>\n<td style=\"font-weight: 400\">417<\/td>\n<td style=\"font-weight: 400\"><\/td>\n<td style=\"font-weight: 400\">\u00a0<a href=\"http:\/\/lattes.cnpq.br\/1649741077906139\">cv lattes<\/a><\/td>\n<\/tr>\n<tr>\n<td style=\"font-weight: 400\">Renato Goldenberg<\/td>\n<td>\u00a0renato.goldenberg@gmail.com<\/td>\n<td>1627<\/td>\n<td style=\"font-weight: 400\">447<\/td>\n<td style=\"font-weight: 400\"><\/td>\n<td style=\"font-weight: 400\">\u00a0<a href=\"http:\/\/lattes.cnpq.br\/8217524313663232\">cv lattes<\/a><\/td>\n<\/tr>\n<tr>\n<td style=\"font-weight: 400\">Sandra Maria Alvarenga Gomes<\/td>\n<td>sandramariaalgo@gmail.com<\/td>\n<td>1690<\/td>\n<td style=\"font-weight: 400\">439<\/td>\n<td style=\"font-weight: 400\"><\/td>\n<td style=\"font-weight: 400\"><\/td>\n<\/tr>\n<tr>\n<td style=\"font-weight: 400\">Val\u00e9ria Cunha Muschner<\/td>\n<td>\u00a0valeria.muschner@gmail.com<\/td>\n<td>1755<\/td>\n<td style=\"font-weight: 400\">454<\/td>\n<td style=\"font-weight: 400\"><\/td>\n<td style=\"font-weight: 400\"><\/td>\n<\/tr>\n<tr>\n<td style=\"font-weight: 400\">Viviane da Silva Pereira<\/td>\n<td style=\"font-weight: 400\">\u00a0visilvapereira@ufpr.br<\/td>\n<td style=\"font-weight: 400\">1622<\/td>\n<td style=\"font-weight: 400\">450<\/td>\n<td style=\"font-weight: 400\"><\/td>\n<td style=\"font-weight: 400\">\u00a0<a href=\"http:\/\/lattes.cnpq.br\/6113324032262553\">cv lattes<\/a><\/td>\n<\/tr>\n<\/tbody>\n<\/table>\n<p>&nbsp;<\/p>\n","protected":false},"excerpt":{"rendered":"<p>NOME EMAIL RAMAL SALA P\u00e1gina Pessoal Curr\u00edculo Lattes Andr\u00e9 Andrian Padial \u00a0aapadial@ufpr.br 1790 456 site cv lattes Bruno Francisco Sant&#8217;Anna dos Santos \u00a0brunofrancisco@ufpr.br 1622 453 [&hellip;]<\/p>\n","protected":false},"author":6,"featured_media":0,"parent":0,"menu_order":0,"comment_status":"closed","ping_status":"closed","template":"","meta":{"_acf_changed":false,"_monsterinsights_skip_tracking":false,"_monsterinsights_sitenote_active":false,"_monsterinsights_sitenote_note":"","_monsterinsights_sitenote_category":0,"footnotes":""},"class_list":["post-1029","page","type-page","status-publish","hentry"],"acf":[],"_links":{"self":[{"href":"https:\/\/bio.ufpr.br\/botanica\/wp-json\/wp\/v2\/pages\/1029","targetHints":{"allow":["GET"]}}],"collection":[{"href":"https:\/\/bio.ufpr.br\/botanica\/wp-json\/wp\/v2\/pages"}],"about":[{"href":"https:\/\/bio.ufpr.br\/botanica\/wp-json\/wp\/v2\/types\/page"}],"author":[{"embeddable":true,"href":"https:\/\/bio.ufpr.br\/botanica\/wp-json\/wp\/v2\/users\/6"}],"replies":[{"embeddable":true,"href":"https:\/\/bio.ufpr.br\/botanica\/wp-json\/wp\/v2\/comments?post=1029"}],"version-history":[{"count":69,"href":"https:\/\/bio.ufpr.br\/botanica\/wp-json\/wp\/v2\/pages\/1029\/revisions"}],"predecessor-version":[{"id":1911,"href":"https:\/\/bio.ufpr.br\/botanica\/wp-json\/wp\/v2\/pages\/1029\/revisions\/1911"}],"wp:attachment":[{"href":"https:\/\/bio.ufpr.br\/botanica\/wp-json\/wp\/v2\/media?parent=1029"}],"curies":[{"name":"wp","href":"https:\/\/api.w.org\/{rel}","templated":true}]}}