{"id":138,"date":"2017-11-13T11:44:19","date_gmt":"2017-11-13T11:44:19","guid":{"rendered":"https:\/\/bio.ufpr.br\/labef\/?page_id=138"},"modified":"2022-02-24T13:22:49","modified_gmt":"2022-02-24T13:22:49","slug":"equipe","status":"publish","type":"page","link":"https:\/\/bio.ufpr.br\/labef\/equipe\/","title":{"rendered":"Equipe"},"content":{"rendered":"<p>Confira\u00a0o novo site do\u00a0<a href=\"https:\/\/labefufpr.wixsite.com\/labef\">LABEF!<\/a><\/p>\n<p>&nbsp;<\/p>\n<p><strong>COORDENADOR<\/strong><\/p>\n<ul>\n<li style=\"font-weight: 400\"><strong>Prof. Marcos Bergmann Carlucci<\/strong><\/li>\n<li style=\"font-weight: 400\"><span style=\"font-weight: 400\">Professor Adjunto, Departamento de Bot\u00e2nica, UFPR. Tenho interesse em entender os fatores que determinam a organiza\u00e7\u00e3o de comunidades ecol\u00f3gicas em diferentes escalas espaciais e temporais. Minhas pesquisas em geral utilizam abordagens baseadas em atributos funcionais e variam de um escopo te\u00f3rico a um mais aplicado. Minha experi\u00eancia de campo tem sido principalmente em mosaicos de florestas e vegeta\u00e7\u00e3o aberta nativa, especialmente aqueles formados por floresta com arauc\u00e1ria e campos nativos no sul do Brasil.<\/span><\/li>\n<li style=\"font-weight: 400\"><span style=\"font-weight: 400\"><a href=\"http:\/\/lattes.cnpq.br\/1141743724585455\">Curr\u00edculo Lattes<\/a>\u00a0<\/span><\/li>\n<li style=\"font-weight: 400\"><span style=\"font-weight: 400\"><span style=\"font-weight: 400\"><a href=\"https:\/\/orcid.org\/0000-0002-5868-7090\">ORCID<\/a><\/span><\/span><\/li>\n<li style=\"font-weight: 400\"><span style=\"font-weight: 400\"><span style=\"font-weight: 400\"><a href=\"https:\/\/www.researchgate.net\/profile\/Marcos_Carlucci\">Research Gate<\/a><\/span><\/span><\/li>\n<\/ul>\n<p>&nbsp;<\/p>\n<hr \/>\n<p><strong>DOUTORANDOS(AS)<\/strong><\/p>\n<ul>\n<li><strong>Licet Fernanda Calamb\u00e1s Trochez<\/strong><\/li>\n<li>Doutoranda,\u00a0Programa de P\u00f3s-Gradua\u00e7\u00e3o em Bot\u00e2nica, UFPR. Tenho interesse em pesquisas relacionadas aos efeitos sin\u00e9rgicos das mudan\u00e7as clim\u00e1ticas e no uso do solo na vegeta\u00e7\u00e3o nativa de Campos Nativos e a\u00e7\u00f5es de restaura\u00e7\u00e3o funcional em Florestas Subtropicais.<\/li>\n<li><a href=\"http:\/\/lattes.cnpq.br\/5190178306724788\">Curr\u00edculo Lattes<\/a><\/li>\n<\/ul>\n<p>&nbsp;<\/p>\n<hr \/>\n<p><strong>MESTRANDOS(AS)<\/strong><\/p>\n<ul>\n<li><strong>Pedro Henrique Kotovicz<\/strong><\/li>\n<li>Mestrando,\u00a0Programa de P\u00f3s-Gradua\u00e7\u00e3o em Ecologia e Conserva\u00e7\u00e3o, UFPR.<\/li>\n<li><a href=\"http:\/\/lattes.cnpq.br\/7132543580100731\">Curr\u00edculo Lattes<\/a><\/li>\n<\/ul>\n<p>&nbsp;<\/p>\n<ul>\n<li><strong>Raissa Iana L. Jardim<\/strong><\/li>\n<li>Mestranda,\u00a0Programa de P\u00f3s-Gradua\u00e7\u00e3o em Ecologia e Conserva\u00e7\u00e3o, UFPR.<\/li>\n<li><a href=\"http:\/\/lattes.cnpq.br\/8403746683541735\">Curr\u00edculo Lattes<\/a><\/li>\n<\/ul>\n<p><strong>\u00a0<\/strong><\/p>\n<hr \/>\n<p><strong>INICIA\u00c7\u00c3O CIENT\u00cdFICA<\/strong><\/p>\n<ul>\n<li><strong>Adler Dvorak Barboza<\/strong><\/li>\n<li>Pesquisador\u00a0de Inicia\u00e7\u00e3o Cient\u00edfica (PIBIC).\u00a0Graduando em Ci\u00eancias Biol\u00f3gicas, UFPR<\/li>\n<li><a href=\"http:\/\/lattes.cnpq.br\/6384493572082948\">Curr\u00edculo Lattes<\/a><\/li>\n<\/ul>\n<p>&nbsp;<\/p>\n<ul>\n<li><strong>Bruna da Silva<\/strong><\/li>\n<li>Bolsista de Inicia\u00e7\u00e3o Cient\u00edfica (PRPPG\/UFPR via Funpar). Graduanda em Ci\u00eancias Biol\u00f3gicas, UFPR<\/li>\n<li><a href=\"http:\/\/lattes.cnpq.br\/2479999500686022\">Curr\u00edculo Lattes<\/a><\/li>\n<\/ul>\n<p>&nbsp;<\/p>\n<ul>\n<li><b>Josu\u00e9\u00a0Barbi Araldi<\/b><\/li>\n<li>Bolsista de Inicia\u00e7\u00e3o Cient\u00edfica (PIBIC\/CNPq). Graduando em Ci\u00eancias Biol\u00f3gicas, UFPR<\/li>\n<li>\n<ul>\n<li><a href=\"http:\/\/lattes.cnpq.br\/8317649457962887\">Curr\u00edculo Lattes<\/a><\/li>\n<\/ul>\n<\/li>\n<\/ul>\n<p>&nbsp;<\/p>\n<ul>\n<li><b>Ursula Morais de Souza<\/b><\/li>\n<li>Bolsista de inicia\u00e7\u00e3o cient\u00edfica (PIBIC-CNPq). Graduanda em Ci\u00eancias Biol\u00f3gicas, UFPR<\/li>\n<li><a href=\"http:\/\/lattes.cnpq.br\/3414480423238424\">Curr\u00edculo Lattes<\/a><\/li>\n<\/ul>\n<p>&nbsp;<\/p>\n<hr \/>\n<p><strong>VOLUNT\u00c1RIOS ACAD\u00caMICOS<\/strong><\/p>\n<ul>\n<li><strong>Ingrid Neumann de Nascimento<\/strong> (PVA). Graduanda em Ci\u00eancias Biol\u00f3gicas, UFPR<\/li>\n<\/ul>\n<p>&nbsp;<\/p>\n<hr \/>\n<p>&nbsp;<\/p>\n<p><strong>EGRESSOS(AS)<\/strong><\/p>\n<p>&nbsp;<\/p>\n<p><strong>Mestres<\/strong><\/p>\n<ul>\n<li><b>Bruna Eliz Zorek<\/b>, 2019-2021, PPG Ecologia e Conserva\u00e7\u00e3o UFPR,\u00a0<a href=\"http:\/\/lattes.cnpq.br\/3285492153146313\">Curr\u00edculo Lattes<\/a><\/li>\n<li><strong>Licet Fernanda Calamb\u00e1s-Trochez<\/strong>, 2018-2020, PPG\u00a0Ecologia e Conserva\u00e7\u00e3o UFPR, <a href=\"http:\/\/lattes.cnpq.br\/5190178306724788\">Curr\u00edculo Lattes<\/a><\/li>\n<li><strong>Ana Carolina Petisco de Souza<\/strong>,\u00a02018-2020, PPG\u00a0Ecologia e Conserva\u00e7\u00e3o UFPR,\u00a0<a href=\"http:\/\/lattes.cnpq.br\/6008040838075577\">Curr\u00edculo Lattes<\/a><\/li>\n<li><strong>Andressa Zanella<\/strong>, 2018-2020,\u00a0PPG Bot\u00e2nica UFPR,\u00a0<a href=\"http:\/\/lattes.cnpq.br\/7044670672134926\">Curr\u00edculo Lattes<\/a><\/li>\n<li><b>Felipe Saad<\/b>, 2018-2020, PPG Ecologia e Conserva\u00e7\u00e3o UFPR,\u00a0<a href=\"http:\/\/lattes.cnpq.br\/3084089286389002\">Curr\u00edculo Lattes<\/a><\/li>\n<\/ul>\n<p>&nbsp;<\/p>\n<p><strong>Inicia\u00e7\u00e3o cient\u00edfica<\/strong><\/p>\n<ul>\n<li><strong>J\u00e9ssica Aparecida Pereira<\/strong>, Bolsista\u00a0PRPPG\/UFPR via Funpar, 2021-2022,\u00a0<a href=\"http:\/\/lattes.cnpq.br\/0299095814632303\">Curr\u00edculo Lattes<\/a><\/li>\n<li><b>Bruna Eliz Zorek<\/b>, 2018-2019, Bolsista PIBIC\/CNPq,\u00a0<a href=\"http:\/\/lattes.cnpq.br\/3285492153146313\">Curr\u00edculo Lattes<\/a><\/li>\n<\/ul>\n<p>&nbsp;<\/p>\n<p><strong>Volunt\u00e1rios acad\u00eamicos<\/strong><\/p>\n<ul>\n<li>Ciro Giller Parisi\u00a0(estagi\u00e1rio PVA, graduando Ci\u00eancias Biol\u00f3gicas, UFPR)<\/li>\n<li>J\u00e9ssica Aparecida Pereira\u00a0(estagi\u00e1ria PVA, graduando Ci\u00eancias Biol\u00f3gicas, UFPR)<\/li>\n<li>Gabriela da Silveira M\u00fcller (estagi\u00e1ria PVA, graduanda Eng. Ambiental, UFPR)<\/li>\n<li>Luan Henrique Burda da Silva\u00a0(estagi\u00e1rio PVA, graduando Ci\u00eancias Biol\u00f3gicas, UFPR)<\/li>\n<li>Matheus Alonso (estagi\u00e1rio PVA, graduando Eng. Ambiental, UFPR)<\/li>\n<li>Robertta Moryel Pellanda (coorienta\u00e7\u00e3o de Mestrado em Bot\u00e2nica, UFPR)<\/li>\n<li>Ugo Maranh\u00e3o (estagi\u00e1rio PVA, graduando Eng. Ambiental, UFPR)<\/li>\n<\/ul>\n","protected":false},"excerpt":{"rendered":"<p>Confira\u00a0o novo site do\u00a0LABEF! &nbsp; COORDENADOR Prof. Marcos Bergmann Carlucci Professor Adjunto, Departamento de Bot\u00e2nica, UFPR. Tenho interesse em entender os fatores que determinam a organiza\u00e7\u00e3o de comunidades ecol\u00f3gicas em diferentes escalas espaciais e temporais. Minhas pesquisas em geral utilizam abordagens baseadas em atributos funcionais e variam de um escopo te\u00f3rico a um mais aplicado. [&hellip;]<\/p>\n","protected":false},"author":6,"featured_media":0,"parent":0,"menu_order":0,"comment_status":"closed","ping_status":"closed","template":"","meta":{"_acf_changed":false,"_monsterinsights_skip_tracking":false,"_monsterinsights_sitenote_active":false,"_monsterinsights_sitenote_note":"","_monsterinsights_sitenote_category":0,"footnotes":""},"class_list":["post-138","page","type-page","status-publish","hentry"],"acf":[],"_links":{"self":[{"href":"https:\/\/bio.ufpr.br\/labef\/wp-json\/wp\/v2\/pages\/138","targetHints":{"allow":["GET"]}}],"collection":[{"href":"https:\/\/bio.ufpr.br\/labef\/wp-json\/wp\/v2\/pages"}],"about":[{"href":"https:\/\/bio.ufpr.br\/labef\/wp-json\/wp\/v2\/types\/page"}],"author":[{"embeddable":true,"href":"https:\/\/bio.ufpr.br\/labef\/wp-json\/wp\/v2\/users\/6"}],"replies":[{"embeddable":true,"href":"https:\/\/bio.ufpr.br\/labef\/wp-json\/wp\/v2\/comments?post=138"}],"version-history":[{"count":32,"href":"https:\/\/bio.ufpr.br\/labef\/wp-json\/wp\/v2\/pages\/138\/revisions"}],"predecessor-version":[{"id":498,"href":"https:\/\/bio.ufpr.br\/labef\/wp-json\/wp\/v2\/pages\/138\/revisions\/498"}],"wp:attachment":[{"href":"https:\/\/bio.ufpr.br\/labef\/wp-json\/wp\/v2\/media?parent=138"}],"curies":[{"name":"wp","href":"https:\/\/api.w.org\/{rel}","templated":true}]}}