{"id":38,"date":"2017-06-07T15:07:06","date_gmt":"2017-06-07T15:07:06","guid":{"rendered":"https:\/\/bio.ufpr.br\/lmv\/?page_id=38"},"modified":"2024-06-11T14:32:42","modified_gmt":"2024-06-11T17:32:42","slug":"docentes","status":"publish","type":"page","link":"https:\/\/bio.ufpr.br\/lmv\/docentes\/","title":{"rendered":"Docentes"},"content":{"rendered":"<hr \/>\n<h4 style=\"text-align: justify\"><span style=\"color: #000000\">O<strong> LMV <\/strong>conta com dois docentes atuantes na \u00e1rea de micropropaga\u00e7\u00e3o de plantas e suas aplica\u00e7\u00f5es biotecnol\u00f3gicas nas mais variadas vertentes:<\/span><\/h4>\n<h5><strong><img loading=\"lazy\" decoding=\"async\" class=\"size-full wp-image-561 aligncenter\" src=\"https:\/\/bio.ufpr.br\/lmv\/wp-content\/uploads\/sites\/42\/2017\/06\/Foto-lattes.jpg\" alt=\"Foto lattes\" width=\"207\" height=\"295\" \/><\/strong><\/h5>\n<h5><strong>Prof. Hugo Pacheco de Freitas Fraga<\/strong><\/h5>\n<p>Possui gradua\u00e7\u00e3o em Ci\u00eancias Biol\u00f3gicas pela Universidade Estadual do Norte Fluminense Darcy Ribeiro (2009), mestrado em Ci\u00eancias, com \u00eanfase em Recursos Gen\u00e9ticos Vegetais pela Universidade Federal de Santa Catarina (2012) e doutorado em Ci\u00eancias, com \u00eanfase em Recursos Gen\u00e9ticos Vegetais pela Universidade Federal de Santa Catarina (2015). Atualmente \u00e9 Professor Adjunto do Departamento de Bot\u00e2nica da Universidade Federal do Paran\u00e1, onde \u00e9 orientador e vice-coordenador do Programa de P\u00f3s-Gradua\u00e7\u00e3o em Bot\u00e2nica. Tem experi\u00eancia na \u00e1rea de Bot\u00e2nica aplicada e Fisiologia Vegetal, com \u00eanfase em Biotecnologia Vegetal, atuando principalmente nos seguintes temas: Fisiologia, Anatomia e<span style=\"color: #000000\"> Bioqu\u00edmica do desenvolvimento de plantas, micropropaga\u00e7\u00e3o de plantas, criopreserva\u00e7\u00e3o, embriog\u00eanese som\u00e1tica e morfog\u00eanese in vitro.\u00a0Vide <a style=\"color: #000000\" href=\"http:\/\/lattes.cnpq.br\/0997968594084455\">Lattes<\/a><\/span><\/p>\n<p><strong>Curr\u00edculo Lattes:\u00a0http:\/\/lattes.cnpq.br\/0997968594084455<\/strong><\/p>\n<p><strong>Email: hugofraga@ufpr.br<\/strong><\/p>\n<h5 style=\"text-align: justify\"><\/h5>\n<h5 style=\"text-align: justify\"><span style=\"color: #000000\"><strong><img loading=\"lazy\" decoding=\"async\" class=\"size-medium wp-image-564 aligncenter\" src=\"https:\/\/bio.ufpr.br\/lmv\/wp-content\/uploads\/sites\/42\/2017\/06\/servletrecuperafoto-225x300.jpg\" alt=\"servletrecuperafoto\" width=\"225\" height=\"300\" srcset=\"https:\/\/bio.ufpr.br\/lmv\/wp-content\/uploads\/sites\/42\/2017\/06\/servletrecuperafoto-225x300.jpg 225w, https:\/\/bio.ufpr.br\/lmv\/wp-content\/uploads\/sites\/42\/2017\/06\/servletrecuperafoto.jpg 240w\" sizes=\"auto, (max-width: 225px) 100vw, 225px\" \/><\/strong><\/span><\/h5>\n<h5 style=\"text-align: justify\"><span style=\"color: #000000\"><strong>Profa. Luciana Lopes Fortes Ribas<\/strong><\/span><\/h5>\n<p style=\"text-align: justify\"><span style=\"color: #000000\">Possui gradua\u00e7\u00e3o em Biologia pela Pontif\u00edcia Universidade Cat\u00f3lica do Paran\u00e1 (1985), mestrado em Bot\u00e2nica pela Universidade Federal do Paran\u00e1 (1991) e doutorado em Engenharia Florestal pela Universidade Federal do Paran\u00e1 (1999). Atualmente \u00e9 professor associado IV da Universidade Federal do Paran\u00e1. Tem experi\u00eancia na \u00e1rea de Bot\u00e2nica, com \u00eanfase em Nutri\u00e7\u00e3o e Crescimento Vegetal, atuando principalmente nos seguintes temas: micropropaga\u00e7\u00e3o, embriog\u00eanese som\u00e1tica e organog\u00eanese de esp\u00e9cies florestais, frut\u00edferas e ornamentais. Est\u00e1 desenvolvendo projetos de conserva\u00e7\u00e3o, germina\u00e7\u00e3o in vitro e micropropaga\u00e7\u00e3o de orqu\u00eddeas e micro-orqu\u00eddeas da Mata Atl\u00e2ntica. Vide <a style=\"color: #000000\" href=\"http:\/\/lattes.cnpq.br\/9283357374616431\">Lattes<\/a><\/span><\/p>\n<p style=\"text-align: justify\"><span style=\"color: #000000\"><strong>Curr\u00edculo Lattes:\u00a0http:\/\/lattes.cnpq.br\/9283357374616431<\/strong><\/span><\/p>\n<p style=\"text-align: justify\"><span style=\"color: #000000\"><strong>Email: llfribas@ufpr.br<\/strong><\/span><\/p>\n<h5><\/h5>\n<h5><\/h5>\n","protected":false},"excerpt":{"rendered":"<p>O LMV conta com dois docentes atuantes na \u00e1rea de micropropaga\u00e7\u00e3o de plantas e suas aplica\u00e7\u00f5es biotecnol\u00f3gicas nas mais variadas vertentes: Prof. Hugo Pacheco de Freitas Fraga Possui gradua\u00e7\u00e3o em Ci\u00eancias Biol\u00f3gicas pela Universidade Estadual do Norte Fluminense Darcy Ribeiro (2009), mestrado em Ci\u00eancias, com \u00eanfase em Recursos Gen\u00e9ticos Vegetais pela Universidade Federal de Santa [&hellip;]<\/p>\n","protected":false},"author":1994,"featured_media":0,"parent":0,"menu_order":0,"comment_status":"closed","ping_status":"closed","template":"","meta":{"_acf_changed":false,"_monsterinsights_skip_tracking":false,"_monsterinsights_sitenote_active":false,"_monsterinsights_sitenote_note":"","_monsterinsights_sitenote_category":0,"footnotes":""},"class_list":["post-38","page","type-page","status-publish","hentry"],"acf":[],"_links":{"self":[{"href":"https:\/\/bio.ufpr.br\/lmv\/wp-json\/wp\/v2\/pages\/38","targetHints":{"allow":["GET"]}}],"collection":[{"href":"https:\/\/bio.ufpr.br\/lmv\/wp-json\/wp\/v2\/pages"}],"about":[{"href":"https:\/\/bio.ufpr.br\/lmv\/wp-json\/wp\/v2\/types\/page"}],"author":[{"embeddable":true,"href":"https:\/\/bio.ufpr.br\/lmv\/wp-json\/wp\/v2\/users\/1994"}],"replies":[{"embeddable":true,"href":"https:\/\/bio.ufpr.br\/lmv\/wp-json\/wp\/v2\/comments?post=38"}],"version-history":[{"count":20,"href":"https:\/\/bio.ufpr.br\/lmv\/wp-json\/wp\/v2\/pages\/38\/revisions"}],"predecessor-version":[{"id":625,"href":"https:\/\/bio.ufpr.br\/lmv\/wp-json\/wp\/v2\/pages\/38\/revisions\/625"}],"wp:attachment":[{"href":"https:\/\/bio.ufpr.br\/lmv\/wp-json\/wp\/v2\/media?parent=38"}],"curies":[{"name":"wp","href":"https:\/\/api.w.org\/{rel}","templated":true}]}}